{"id":2827,"date":"2023-03-14T14:28:00","date_gmt":"2023-03-14T14:28:00","guid":{"rendered":"https:\/\/incityhospitalitycollection.it\/salerno-und-umgebung\/"},"modified":"2026-08-11T10:45:04","modified_gmt":"2026-08-11T10:45:04","slug":"salerno-und-umgebung","status":"publish","type":"page","link":"https:\/\/incityhospitalitycollection.it\/de\/salerno-und-umgebung\/","title":{"rendered":"Salerno und Umgebung"},"content":{"rendered":"\t\t<div data-elementor-type=\"wp-page\" data-elementor-id=\"2827\" class=\"elementor elementor-2827 elementor-319\">\n\t\t\t\t\t\t<section class=\"elementor-section elementor-top-section elementor-element elementor-element-88c3937 elementor-section-height-min-height cs-section-content-fullwidth cs-parallax-on-scroll cs_scroll_y_100 elementor-section-boxed elementor-section-height-default elementor-section-items-middle\" data-id=\"88c3937\" data-element_type=\"section\" data-e-type=\"section\" data-settings=\"{&quot;background_background&quot;:&quot;classic&quot;}\" data-cs-parallax-y=\"100\" style=\"background-image: none;\" data-cs-background-image=\"https:\/\/incityhospitalitycollection.it\/wp-content\/uploads\/2026\/06\/gianpaolo-antonucci-Rcr6Dqwn6FI-unsplash-scaled-e1781708223745.jpg\" data-cs-background-image-alt-text=\"\">\n\t\t\t\t\t\t\t<div class=\"elementor-background-overlay\"><\/div>\n\t\t\t\t\t\t\t<div class=\"elementor-container elementor-column-gap-no\">\n\t\t\t\t\t<div class=\"elementor-column elementor-col-100 elementor-top-column elementor-element elementor-element-140c3f8 dark-color\" data-id=\"140c3f8\" data-element_type=\"column\" data-e-type=\"column\">\n\t\t\t<div class=\"elementor-widget-wrap elementor-element-populated\">\n\t\t\t\t\t\t<div class=\"elementor-element elementor-element-73543ac elementor-widget__width-initial elementor-widget elementor-widget-cs_title\" data-id=\"73543ac\" data-element_type=\"widget\" data-e-type=\"widget\" data-widget_type=\"cs_title.default\">\n\t\t\t\t<div class=\"elementor-widget-container\">\n\t\t\t\t\t\n        <div class=\"cs-title-wrap text-center\">\t            <div class=\"cs-subtitle-wrap\"><span class=\"cs-subtitle\">salerno<\/span><\/div>\t            <h1 class=\"cs-title\">\n\t                Viel mehr als ein <br \/>Ausgangspunkt.\t            <\/h1>\t            <div class=\"cs-title-text\">\n\t                <p>Salerno ist eine Stadt, die Zeit verdient: ein mittelalterliches Zentrum, das zu den am besten erhaltenen S\u00fcditaliens z\u00e4hlt, eine endlose Strandpromenade, eine duftende K\u00fcche und jenes tiefe Nachmittagslicht, das hier zu etwas Besonderem wird.<\/p>\t            <\/div>        <\/div>\t\t\t\t<\/div>\n\t\t\t\t<\/div>\n\t\t\t\t\t<\/div>\n\t\t<\/div>\n\t\t\t\t\t<\/div>\n\t\t<\/section>\n\t\t<div class=\"elementor-element elementor-element-8095058 e-flex e-con-boxed e-con e-parent\" data-id=\"8095058\" data-element_type=\"container\" data-e-type=\"container\">\n\t\t\t\t\t<div class=\"e-con-inner\">\n\t\t\t\t<div class=\"elementor-element elementor-element-14d4342 elementor-widget elementor-widget-cs_title\" data-id=\"14d4342\" data-element_type=\"widget\" data-e-type=\"widget\" data-widget_type=\"cs_title.default\">\n\t\t\t\t<div class=\"elementor-widget-container\">\n\t\t\t\t\t\n        <div class=\"cs-title-wrap text-left\">\t            <div class=\"cs-subtitle-wrap\"><span class=\"cs-subtitle\">SEHENSW\u00dcRDIGKEITEN<\/span><\/div>\t            <h4 class=\"cs-title\">\n\t                In der Stadt\t            <\/h4>        <\/div>\t\t\t\t<\/div>\n\t\t\t\t<\/div>\n\t\t\t\t\t<\/div>\n\t\t\t\t<\/div>\n\t\t\t\t<section class=\"elementor-section elementor-top-section elementor-element elementor-element-2a13b851 cs-section-content-fullwidth elementor-section-boxed elementor-section-height-default elementor-section-height-default\" data-id=\"2a13b851\" data-element_type=\"section\" data-e-type=\"section\" data-settings=\"{&quot;background_background&quot;:&quot;classic&quot;}\">\n\t\t\t\t\t\t<div class=\"elementor-container elementor-column-gap-no\">\n\t\t\t\t\t<div class=\"elementor-column elementor-col-50 elementor-top-column elementor-element elementor-element-2a3c1cf6\" data-id=\"2a3c1cf6\" data-element_type=\"column\" data-e-type=\"column\">\n\t\t\t<div class=\"elementor-widget-wrap elementor-element-populated\">\n\t\t\t\t\t\t<div class=\"elementor-element elementor-element-8281f81 elementor-widget__width-initial elementor-widget elementor-widget-cs_call_to_action\" data-id=\"8281f81\" data-element_type=\"widget\" data-e-type=\"widget\" data-settings=\"{&quot;overlay_background&quot;:&quot;gradient&quot;}\" data-widget_type=\"cs_call_to_action.default\">\n\t\t\t\t<div class=\"elementor-widget-container\">\n\t\t\t\t\t\n\t\t<div class=\"cs-cta cta-layout-text-overlap content-bottom with-inner-border dark-color text-left cta-hover-img-zoom\">\n            <div class=\"cs-cta-wrap\">\t\t               \t<div class=\"cs-cta-img\">\n\t\t                    <img fetchpriority=\"high\" decoding=\"async\" width=\"600\" height=\"477\" src=\"https:\/\/incityhospitalitycollection.it\/wp-content\/uploads\/2026\/06\/Via_dei_Mercanti_Salerno_Italy_-_May_2010_28-scaled-e1781705514807-600x477.jpg\" class=\"attachment-cozystay_600x9999 size-cozystay_600x9999 wp-image-2462\" alt=\"\" srcset=\"https:\/\/incityhospitalitycollection.it\/wp-content\/uploads\/2026\/06\/Via_dei_Mercanti_Salerno_Italy_-_May_2010_28-scaled-e1781705514807-600x477.jpg 600w, https:\/\/incityhospitalitycollection.it\/wp-content\/uploads\/2026\/06\/Via_dei_Mercanti_Salerno_Italy_-_May_2010_28-scaled-e1781705514807-300x238.jpg 300w, https:\/\/incityhospitalitycollection.it\/wp-content\/uploads\/2026\/06\/Via_dei_Mercanti_Salerno_Italy_-_May_2010_28-scaled-e1781705514807-1024x814.jpg 1024w, https:\/\/incityhospitalitycollection.it\/wp-content\/uploads\/2026\/06\/Via_dei_Mercanti_Salerno_Italy_-_May_2010_28-scaled-e1781705514807-768x611.jpg 768w, https:\/\/incityhospitalitycollection.it\/wp-content\/uploads\/2026\/06\/Via_dei_Mercanti_Salerno_Italy_-_May_2010_28-scaled-e1781705514807-1536x1221.jpg 1536w, https:\/\/incityhospitalitycollection.it\/wp-content\/uploads\/2026\/06\/Via_dei_Mercanti_Salerno_Italy_-_May_2010_28-scaled-e1781705514807-1440x1145.jpg 1440w, https:\/\/incityhospitalitycollection.it\/wp-content\/uploads\/2026\/06\/Via_dei_Mercanti_Salerno_Italy_-_May_2010_28-scaled-e1781705514807-1200x954.jpg 1200w, https:\/\/incityhospitalitycollection.it\/wp-content\/uploads\/2026\/06\/Via_dei_Mercanti_Salerno_Italy_-_May_2010_28-scaled-e1781705514807-780x620.jpg 780w, https:\/\/incityhospitalitycollection.it\/wp-content\/uploads\/2026\/06\/Via_dei_Mercanti_Salerno_Italy_-_May_2010_28-scaled-e1781705514807-550x437.jpg 550w, https:\/\/incityhospitalitycollection.it\/wp-content\/uploads\/2026\/06\/Via_dei_Mercanti_Salerno_Italy_-_May_2010_28-scaled-e1781705514807-370x294.jpg 370w, https:\/\/incityhospitalitycollection.it\/wp-content\/uploads\/2026\/06\/Via_dei_Mercanti_Salerno_Italy_-_May_2010_28-scaled-e1781705514807-255x203.jpg 255w, https:\/\/incityhospitalitycollection.it\/wp-content\/uploads\/2026\/06\/Via_dei_Mercanti_Salerno_Italy_-_May_2010_28-scaled-e1781705514807-150x119.jpg 150w, https:\/\/incityhospitalitycollection.it\/wp-content\/uploads\/2026\/06\/Via_dei_Mercanti_Salerno_Italy_-_May_2010_28-scaled-e1781705514807.jpg 1707w\" sizes=\"(max-width: 600px) 100vw, 600px\" \/>\t\t                <\/div>                <div class=\"cs-cta-overlay\"><\/div>\n                <div class=\"cs-cta-content\">\t\t\t<\/div>                <a class=\"cs-cta-link\" href=\"#\" aria-label=\"Call to Action Link\"><\/a>            <\/div>\n        <\/div>\t\t\t\t<\/div>\n\t\t\t\t<\/div>\n\t\t\t\t\t<\/div>\n\t\t<\/div>\n\t\t\t\t<div class=\"elementor-column elementor-col-50 elementor-top-column elementor-element elementor-element-42b935e6\" data-id=\"42b935e6\" data-element_type=\"column\" data-e-type=\"column\">\n\t\t\t<div class=\"elementor-widget-wrap elementor-element-populated\">\n\t\t\t\t\t\t<div class=\"elementor-element elementor-element-6cc2d7de elementor-widget elementor-widget-cs_title\" data-id=\"6cc2d7de\" data-element_type=\"widget\" data-e-type=\"widget\" data-widget_type=\"cs_title.default\">\n\t\t\t\t<div class=\"elementor-widget-container\">\n\t\t\t\t\t\n        <div class=\"cs-title-wrap\">\t            <h5 class=\"cs-title\">\n\t                Die Altstadt und Via dei Mercanti \t            <\/h5>\t            <div class=\"cs-title-text\">\n\t                <p>Die mittelalterliche Achse Salernos ist einer der sch\u00f6nsten Spazierg\u00e4nge S\u00fcditaliens. Handwerksbetriebe, Adelspal\u00e4ste, Gassen, die sich zu kleinen, unerwarteten Pl\u00e4tzen \u00f6ffnen. Sie langsam zu durchschreiten ist bereits eine Art, diese Stadt zu verstehen.  <\/p>\t            <\/div>        <\/div>\t\t\t\t<\/div>\n\t\t\t\t<\/div>\n\t\t\t\t\t<\/div>\n\t\t<\/div>\n\t\t\t\t\t<\/div>\n\t\t<\/section>\n\t\t\t\t<section class=\"elementor-section elementor-top-section elementor-element elementor-element-1213b79d cs-section-content-fullwidth elementor-reverse-tablet elementor-reverse-mobile elementor-section-boxed elementor-section-height-default elementor-section-height-default\" data-id=\"1213b79d\" data-element_type=\"section\" data-e-type=\"section\" data-settings=\"{&quot;background_background&quot;:&quot;classic&quot;}\">\n\t\t\t\t\t\t<div class=\"elementor-container elementor-column-gap-no\">\n\t\t\t\t\t<div class=\"elementor-column elementor-col-50 elementor-top-column elementor-element elementor-element-3988ddd7\" data-id=\"3988ddd7\" data-element_type=\"column\" data-e-type=\"column\">\n\t\t\t<div class=\"elementor-widget-wrap elementor-element-populated\">\n\t\t\t\t\t\t<div class=\"elementor-element elementor-element-27bb9898 elementor-widget elementor-widget-cs_title\" data-id=\"27bb9898\" data-element_type=\"widget\" data-e-type=\"widget\" data-widget_type=\"cs_title.default\">\n\t\t\t\t<div class=\"elementor-widget-container\">\n\t\t\t\t\t\n        <div class=\"cs-title-wrap text-right text-left-tablet\">\t            <h5 class=\"cs-title\">\n\t                Der Dom San Matteo\t            <\/h5>\t            <div class=\"cs-title-text\">\n\t                <p>Im 11. Jahrhundert von Robert Guiskard gegr\u00fcndet, ist der Dom das symbolische Herz Salernos. Die Krypta bewahrt die Reliquien des Apostels Matth\u00e4us; der arabisch-normannische Glockenturm \u00fcberragt seit fast tausend Jahren die D\u00e4cher der Altstadt. <\/p>\t            <\/div>        <\/div>\t\t\t\t<\/div>\n\t\t\t\t<\/div>\n\t\t\t\t\t<\/div>\n\t\t<\/div>\n\t\t\t\t<div class=\"elementor-column elementor-col-50 elementor-top-column elementor-element elementor-element-636d2a6b\" data-id=\"636d2a6b\" data-element_type=\"column\" data-e-type=\"column\">\n\t\t\t<div class=\"elementor-widget-wrap elementor-element-populated\">\n\t\t\t\t\t\t<div class=\"elementor-element elementor-element-45966c3e elementor-widget elementor-widget-cs_call_to_action\" data-id=\"45966c3e\" data-element_type=\"widget\" data-e-type=\"widget\" data-settings=\"{&quot;overlay_background&quot;:&quot;gradient&quot;}\" data-widget_type=\"cs_call_to_action.default\">\n\t\t\t\t<div class=\"elementor-widget-container\">\n\t\t\t\t\t\n\t\t<div class=\"cs-cta cta-layout-text-overlap content-bottom with-inner-border dark-color text-left cta-hover-img-zoom\">\n            <div class=\"cs-cta-wrap\">\t\t               \t<div class=\"cs-cta-img\">\n\t\t                    <img decoding=\"async\" width=\"600\" height=\"437\" src=\"https:\/\/incityhospitalitycollection.it\/wp-content\/uploads\/2026\/06\/Cattedrale-di-Salerno-Ph-Marco-Stucchi-2-e1781704852571-600x437.jpg\" class=\"attachment-cozystay_600x9999 size-cozystay_600x9999 wp-image-2466\" alt=\"\" srcset=\"https:\/\/incityhospitalitycollection.it\/wp-content\/uploads\/2026\/06\/Cattedrale-di-Salerno-Ph-Marco-Stucchi-2-e1781704852571-600x437.jpg 600w, https:\/\/incityhospitalitycollection.it\/wp-content\/uploads\/2026\/06\/Cattedrale-di-Salerno-Ph-Marco-Stucchi-2-e1781704852571-300x219.jpg 300w, https:\/\/incityhospitalitycollection.it\/wp-content\/uploads\/2026\/06\/Cattedrale-di-Salerno-Ph-Marco-Stucchi-2-e1781704852571-1024x747.jpg 1024w, https:\/\/incityhospitalitycollection.it\/wp-content\/uploads\/2026\/06\/Cattedrale-di-Salerno-Ph-Marco-Stucchi-2-e1781704852571-768x560.jpg 768w, https:\/\/incityhospitalitycollection.it\/wp-content\/uploads\/2026\/06\/Cattedrale-di-Salerno-Ph-Marco-Stucchi-2-e1781704852571-1536x1120.jpg 1536w, https:\/\/incityhospitalitycollection.it\/wp-content\/uploads\/2026\/06\/Cattedrale-di-Salerno-Ph-Marco-Stucchi-2-e1781704852571-1440x1050.jpg 1440w, https:\/\/incityhospitalitycollection.it\/wp-content\/uploads\/2026\/06\/Cattedrale-di-Salerno-Ph-Marco-Stucchi-2-e1781704852571-1200x875.jpg 1200w, https:\/\/incityhospitalitycollection.it\/wp-content\/uploads\/2026\/06\/Cattedrale-di-Salerno-Ph-Marco-Stucchi-2-e1781704852571-780x569.jpg 780w, https:\/\/incityhospitalitycollection.it\/wp-content\/uploads\/2026\/06\/Cattedrale-di-Salerno-Ph-Marco-Stucchi-2-e1781704852571-550x401.jpg 550w, https:\/\/incityhospitalitycollection.it\/wp-content\/uploads\/2026\/06\/Cattedrale-di-Salerno-Ph-Marco-Stucchi-2-e1781704852571-370x270.jpg 370w, https:\/\/incityhospitalitycollection.it\/wp-content\/uploads\/2026\/06\/Cattedrale-di-Salerno-Ph-Marco-Stucchi-2-e1781704852571-255x186.jpg 255w, https:\/\/incityhospitalitycollection.it\/wp-content\/uploads\/2026\/06\/Cattedrale-di-Salerno-Ph-Marco-Stucchi-2-e1781704852571-150x109.jpg 150w, https:\/\/incityhospitalitycollection.it\/wp-content\/uploads\/2026\/06\/Cattedrale-di-Salerno-Ph-Marco-Stucchi-2-e1781704852571.jpg 1676w\" sizes=\"(max-width: 600px) 100vw, 600px\" \/>\t\t                <\/div>                <div class=\"cs-cta-overlay\"><\/div>\n                <div class=\"cs-cta-content\">\t\t\t<\/div>                <a class=\"cs-cta-link\" href=\"#\" aria-label=\"Call to Action Link\"><\/a>            <\/div>\n        <\/div>\t\t\t\t<\/div>\n\t\t\t\t<\/div>\n\t\t\t\t\t<\/div>\n\t\t<\/div>\n\t\t\t\t\t<\/div>\n\t\t<\/section>\n\t\t\t\t<section class=\"elementor-section elementor-top-section elementor-element elementor-element-d6af277 cs-section-content-fullwidth elementor-section-boxed elementor-section-height-default elementor-section-height-default\" data-id=\"d6af277\" data-element_type=\"section\" data-e-type=\"section\" data-settings=\"{&quot;background_background&quot;:&quot;classic&quot;}\">\n\t\t\t\t\t\t<div class=\"elementor-container elementor-column-gap-no\">\n\t\t\t\t\t<div class=\"elementor-column elementor-col-50 elementor-top-column elementor-element elementor-element-1433723\" data-id=\"1433723\" data-element_type=\"column\" data-e-type=\"column\">\n\t\t\t<div class=\"elementor-widget-wrap elementor-element-populated\">\n\t\t\t\t\t\t<div class=\"elementor-element elementor-element-4afed9e elementor-widget__width-initial elementor-widget elementor-widget-cs_call_to_action\" data-id=\"4afed9e\" data-element_type=\"widget\" data-e-type=\"widget\" data-settings=\"{&quot;overlay_background&quot;:&quot;gradient&quot;}\" data-widget_type=\"cs_call_to_action.default\">\n\t\t\t\t<div class=\"elementor-widget-container\">\n\t\t\t\t\t\n\t\t<div class=\"cs-cta cta-layout-text-overlap content-bottom with-inner-border dark-color text-left cta-hover-img-zoom\">\n            <div class=\"cs-cta-wrap\">\t\t               \t<div class=\"cs-cta-img\">\n\t\t                    <img decoding=\"async\" width=\"600\" height=\"442\" src=\"https:\/\/incityhospitalitycollection.it\/wp-content\/uploads\/2026\/06\/castello-arechi-9383140-e1781705230248-600x442.jpeg\" class=\"attachment-cozystay_600x9999 size-cozystay_600x9999 wp-image-2468\" alt=\"\" srcset=\"https:\/\/incityhospitalitycollection.it\/wp-content\/uploads\/2026\/06\/castello-arechi-9383140-e1781705230248-600x442.jpeg 600w, https:\/\/incityhospitalitycollection.it\/wp-content\/uploads\/2026\/06\/castello-arechi-9383140-e1781705230248-300x221.jpeg 300w, https:\/\/incityhospitalitycollection.it\/wp-content\/uploads\/2026\/06\/castello-arechi-9383140-e1781705230248-1024x754.jpeg 1024w, https:\/\/incityhospitalitycollection.it\/wp-content\/uploads\/2026\/06\/castello-arechi-9383140-e1781705230248-768x566.jpeg 768w, https:\/\/incityhospitalitycollection.it\/wp-content\/uploads\/2026\/06\/castello-arechi-9383140-e1781705230248-1440x1061.jpeg 1440w, https:\/\/incityhospitalitycollection.it\/wp-content\/uploads\/2026\/06\/castello-arechi-9383140-e1781705230248-1200x884.jpeg 1200w, https:\/\/incityhospitalitycollection.it\/wp-content\/uploads\/2026\/06\/castello-arechi-9383140-e1781705230248-780x575.jpeg 780w, https:\/\/incityhospitalitycollection.it\/wp-content\/uploads\/2026\/06\/castello-arechi-9383140-e1781705230248-550x405.jpeg 550w, https:\/\/incityhospitalitycollection.it\/wp-content\/uploads\/2026\/06\/castello-arechi-9383140-e1781705230248-370x273.jpeg 370w, https:\/\/incityhospitalitycollection.it\/wp-content\/uploads\/2026\/06\/castello-arechi-9383140-e1781705230248-255x188.jpeg 255w, https:\/\/incityhospitalitycollection.it\/wp-content\/uploads\/2026\/06\/castello-arechi-9383140-e1781705230248-150x111.jpeg 150w, https:\/\/incityhospitalitycollection.it\/wp-content\/uploads\/2026\/06\/castello-arechi-9383140-e1781705230248.jpeg 1466w\" sizes=\"(max-width: 600px) 100vw, 600px\" \/>\t\t                <\/div>                <div class=\"cs-cta-overlay\"><\/div>\n                <div class=\"cs-cta-content\">\t\t\t<\/div>                <a class=\"cs-cta-link\" href=\"#\" aria-label=\"Call to Action Link\"><\/a>            <\/div>\n        <\/div>\t\t\t\t<\/div>\n\t\t\t\t<\/div>\n\t\t\t\t\t<\/div>\n\t\t<\/div>\n\t\t\t\t<div class=\"elementor-column elementor-col-50 elementor-top-column elementor-element elementor-element-66a0bc6\" data-id=\"66a0bc6\" data-element_type=\"column\" data-e-type=\"column\">\n\t\t\t<div class=\"elementor-widget-wrap elementor-element-populated\">\n\t\t\t\t\t\t<div class=\"elementor-element elementor-element-536f1a6 elementor-widget elementor-widget-cs_title\" data-id=\"536f1a6\" data-element_type=\"widget\" data-e-type=\"widget\" data-widget_type=\"cs_title.default\">\n\t\t\t\t<div class=\"elementor-widget-container\">\n\t\t\t\t\t\n        <div class=\"cs-title-wrap\">\t            <h5 class=\"cs-title\">\n\t                Das Castello di Arechi \t            <\/h5>\t            <div class=\"cs-title-text\">\n\t                <p>Auf 300 Metern \u00fcber dem Meeresspiegel bietet die langobardische Burg eine der spektakul\u00e4rsten Aussichten Kampaniens: die Stadt, das Meer, die K\u00fcste am Horizont. Bei Sonnenuntergang dorthin zu gehen ist fast schon Pflicht. <\/p>\t            <\/div>        <\/div>\t\t\t\t<\/div>\n\t\t\t\t<\/div>\n\t\t\t\t\t<\/div>\n\t\t<\/div>\n\t\t\t\t\t<\/div>\n\t\t<\/section>\n\t\t\t\t<section class=\"elementor-section elementor-top-section elementor-element elementor-element-c804de3 cs-section-content-fullwidth elementor-reverse-tablet elementor-reverse-mobile elementor-section-boxed elementor-section-height-default elementor-section-height-default\" data-id=\"c804de3\" data-element_type=\"section\" data-e-type=\"section\" data-settings=\"{&quot;background_background&quot;:&quot;classic&quot;}\">\n\t\t\t\t\t\t<div class=\"elementor-container elementor-column-gap-no\">\n\t\t\t\t\t<div class=\"elementor-column elementor-col-50 elementor-top-column elementor-element elementor-element-60970bc\" data-id=\"60970bc\" data-element_type=\"column\" data-e-type=\"column\">\n\t\t\t<div class=\"elementor-widget-wrap elementor-element-populated\">\n\t\t\t\t\t\t<div class=\"elementor-element elementor-element-2dd7615 elementor-widget elementor-widget-cs_title\" data-id=\"2dd7615\" data-element_type=\"widget\" data-e-type=\"widget\" data-widget_type=\"cs_title.default\">\n\t\t\t\t<div class=\"elementor-widget-container\">\n\t\t\t\t\t\n        <div class=\"cs-title-wrap text-right text-left-tablet\">\t            <h5 class=\"cs-title\">\n\t                Der Giardino della Minerva\t            <\/h5>\t            <div class=\"cs-title-text\">\n\t                <p> Angeschlossen an die Scuola Medica Salernitana, die \u00e4lteste Europas, gilt dieser kleine H\u00e4ngegarten im Herzen der Altstadt als der erste botanische Garten der westlichen Geschichte. Ein stiller Ort au\u00dferhalb der Zeit. <\/p>\t            <\/div>        <\/div>\t\t\t\t<\/div>\n\t\t\t\t<\/div>\n\t\t\t\t\t<\/div>\n\t\t<\/div>\n\t\t\t\t<div class=\"elementor-column elementor-col-50 elementor-top-column elementor-element elementor-element-dad3bc3\" data-id=\"dad3bc3\" data-element_type=\"column\" data-e-type=\"column\">\n\t\t\t<div class=\"elementor-widget-wrap elementor-element-populated\">\n\t\t\t\t\t\t<div class=\"elementor-element elementor-element-de1a4a2 elementor-widget elementor-widget-cs_call_to_action\" data-id=\"de1a4a2\" data-element_type=\"widget\" data-e-type=\"widget\" data-settings=\"{&quot;overlay_background&quot;:&quot;gradient&quot;}\" data-widget_type=\"cs_call_to_action.default\">\n\t\t\t\t<div class=\"elementor-widget-container\">\n\t\t\t\t\t\n\t\t<div class=\"cs-cta cta-layout-text-overlap content-bottom with-inner-border dark-color text-left cta-hover-img-zoom\">\n            <div class=\"cs-cta-wrap\">\t\t               \t<div class=\"cs-cta-img\">\n\t\t                    <img loading=\"lazy\" decoding=\"async\" width=\"600\" height=\"424\" src=\"https:\/\/incityhospitalitycollection.it\/wp-content\/uploads\/2026\/06\/2279_terrazza-panoramica-giardino-della-minerva-e1781705492901-600x424.jpg\" class=\"attachment-cozystay_600x9999 size-cozystay_600x9999 wp-image-2470\" alt=\"\" srcset=\"https:\/\/incityhospitalitycollection.it\/wp-content\/uploads\/2026\/06\/2279_terrazza-panoramica-giardino-della-minerva-e1781705492901-600x424.jpg 600w, https:\/\/incityhospitalitycollection.it\/wp-content\/uploads\/2026\/06\/2279_terrazza-panoramica-giardino-della-minerva-e1781705492901-300x212.jpg 300w, https:\/\/incityhospitalitycollection.it\/wp-content\/uploads\/2026\/06\/2279_terrazza-panoramica-giardino-della-minerva-e1781705492901-1024x724.jpg 1024w, https:\/\/incityhospitalitycollection.it\/wp-content\/uploads\/2026\/06\/2279_terrazza-panoramica-giardino-della-minerva-e1781705492901-768x543.jpg 768w, https:\/\/incityhospitalitycollection.it\/wp-content\/uploads\/2026\/06\/2279_terrazza-panoramica-giardino-della-minerva-e1781705492901-780x552.jpg 780w, https:\/\/incityhospitalitycollection.it\/wp-content\/uploads\/2026\/06\/2279_terrazza-panoramica-giardino-della-minerva-e1781705492901-550x389.jpg 550w, https:\/\/incityhospitalitycollection.it\/wp-content\/uploads\/2026\/06\/2279_terrazza-panoramica-giardino-della-minerva-e1781705492901-370x262.jpg 370w, https:\/\/incityhospitalitycollection.it\/wp-content\/uploads\/2026\/06\/2279_terrazza-panoramica-giardino-della-minerva-e1781705492901-255x180.jpg 255w, https:\/\/incityhospitalitycollection.it\/wp-content\/uploads\/2026\/06\/2279_terrazza-panoramica-giardino-della-minerva-e1781705492901-150x106.jpg 150w, https:\/\/incityhospitalitycollection.it\/wp-content\/uploads\/2026\/06\/2279_terrazza-panoramica-giardino-della-minerva-e1781705492901.jpg 1145w\" sizes=\"(max-width: 600px) 100vw, 600px\" \/>\t\t                <\/div>                <div class=\"cs-cta-overlay\"><\/div>\n                <div class=\"cs-cta-content\">\t\t\t<\/div>                <a class=\"cs-cta-link\" href=\"#\" aria-label=\"Call to Action Link\"><\/a>            <\/div>\n        <\/div>\t\t\t\t<\/div>\n\t\t\t\t<\/div>\n\t\t\t\t\t<\/div>\n\t\t<\/div>\n\t\t\t\t\t<\/div>\n\t\t<\/section>\n\t\t\t\t<section class=\"elementor-section elementor-top-section elementor-element elementor-element-cfaf854 cs-section-content-fullwidth elementor-section-boxed elementor-section-height-default elementor-section-height-default\" data-id=\"cfaf854\" data-element_type=\"section\" data-e-type=\"section\" data-settings=\"{&quot;background_background&quot;:&quot;classic&quot;}\">\n\t\t\t\t\t\t<div class=\"elementor-container elementor-column-gap-no\">\n\t\t\t\t\t<div class=\"elementor-column elementor-col-50 elementor-top-column elementor-element elementor-element-8903da1\" data-id=\"8903da1\" data-element_type=\"column\" data-e-type=\"column\">\n\t\t\t<div class=\"elementor-widget-wrap elementor-element-populated\">\n\t\t\t\t\t\t<div class=\"elementor-element elementor-element-6fa1647 elementor-widget__width-initial elementor-widget elementor-widget-cs_call_to_action\" data-id=\"6fa1647\" data-element_type=\"widget\" data-e-type=\"widget\" data-settings=\"{&quot;overlay_background&quot;:&quot;gradient&quot;}\" data-widget_type=\"cs_call_to_action.default\">\n\t\t\t\t<div class=\"elementor-widget-container\">\n\t\t\t\t\t\n\t\t<div class=\"cs-cta cta-layout-text-overlap content-bottom with-inner-border dark-color text-left cta-hover-img-zoom\">\n            <div class=\"cs-cta-wrap\">\t\t               \t<div class=\"cs-cta-img\">\n\t\t                    <img loading=\"lazy\" decoding=\"async\" width=\"600\" height=\"400\" src=\"https:\/\/incityhospitalitycollection.it\/wp-content\/uploads\/2026\/06\/424012201191149_Salerno-477685829-600x400.jpg\" class=\"attachment-cozystay_600x9999 size-cozystay_600x9999 wp-image-2477\" alt=\"\" srcset=\"https:\/\/incityhospitalitycollection.it\/wp-content\/uploads\/2026\/06\/424012201191149_Salerno-477685829-600x400.jpg 600w, https:\/\/incityhospitalitycollection.it\/wp-content\/uploads\/2026\/06\/424012201191149_Salerno-477685829-300x200.jpg 300w, https:\/\/incityhospitalitycollection.it\/wp-content\/uploads\/2026\/06\/424012201191149_Salerno-477685829-1024x683.jpg 1024w, https:\/\/incityhospitalitycollection.it\/wp-content\/uploads\/2026\/06\/424012201191149_Salerno-477685829-768x512.jpg 768w, https:\/\/incityhospitalitycollection.it\/wp-content\/uploads\/2026\/06\/424012201191149_Salerno-477685829-1536x1024.jpg 1536w, https:\/\/incityhospitalitycollection.it\/wp-content\/uploads\/2026\/06\/424012201191149_Salerno-477685829-2048x1365.jpg 2048w, https:\/\/incityhospitalitycollection.it\/wp-content\/uploads\/2026\/06\/424012201191149_Salerno-477685829-1920x1280.jpg 1920w, https:\/\/incityhospitalitycollection.it\/wp-content\/uploads\/2026\/06\/424012201191149_Salerno-477685829-1440x960.jpg 1440w, https:\/\/incityhospitalitycollection.it\/wp-content\/uploads\/2026\/06\/424012201191149_Salerno-477685829-1200x800.jpg 1200w, https:\/\/incityhospitalitycollection.it\/wp-content\/uploads\/2026\/06\/424012201191149_Salerno-477685829-780x520.jpg 780w, https:\/\/incityhospitalitycollection.it\/wp-content\/uploads\/2026\/06\/424012201191149_Salerno-477685829-550x367.jpg 550w, https:\/\/incityhospitalitycollection.it\/wp-content\/uploads\/2026\/06\/424012201191149_Salerno-477685829-370x247.jpg 370w, https:\/\/incityhospitalitycollection.it\/wp-content\/uploads\/2026\/06\/424012201191149_Salerno-477685829-255x170.jpg 255w, https:\/\/incityhospitalitycollection.it\/wp-content\/uploads\/2026\/06\/424012201191149_Salerno-477685829-150x100.jpg 150w\" sizes=\"(max-width: 600px) 100vw, 600px\" \/>\t\t                <\/div>                <div class=\"cs-cta-overlay\"><\/div>\n                <div class=\"cs-cta-content\">\t\t\t<\/div>                <a class=\"cs-cta-link\" href=\"#\" aria-label=\"Call to Action Link\"><\/a>            <\/div>\n        <\/div>\t\t\t\t<\/div>\n\t\t\t\t<\/div>\n\t\t\t\t\t<\/div>\n\t\t<\/div>\n\t\t\t\t<div class=\"elementor-column elementor-col-50 elementor-top-column elementor-element elementor-element-2d43c57\" data-id=\"2d43c57\" data-element_type=\"column\" data-e-type=\"column\">\n\t\t\t<div class=\"elementor-widget-wrap elementor-element-populated\">\n\t\t\t\t\t\t<div class=\"elementor-element elementor-element-ecf31e5 elementor-widget elementor-widget-cs_title\" data-id=\"ecf31e5\" data-element_type=\"widget\" data-e-type=\"widget\" data-widget_type=\"cs_title.default\">\n\t\t\t\t<div class=\"elementor-widget-container\">\n\t\t\t\t\t\n        <div class=\"cs-title-wrap\">\t            <h5 class=\"cs-title\">\n\t                Der Lungomare Trieste\t            <\/h5>\t            <div class=\"cs-title-text\">\n\t                <p> Eine der l\u00e4ngsten Strandpromenaden Italiens. Abends f\u00fcllt sie sich mit lokalem Leben. Ein authentisches Eintauchen in den Alltag des S\u00fcdens.  <\/p>\t            <\/div>        <\/div>\t\t\t\t<\/div>\n\t\t\t\t<\/div>\n\t\t\t\t\t<\/div>\n\t\t<\/div>\n\t\t\t\t\t<\/div>\n\t\t<\/section>\n\t\t\t\t<section class=\"elementor-section elementor-top-section elementor-element elementor-element-1c4be56 cs-section-content-fullwidth elementor-reverse-tablet elementor-reverse-mobile elementor-section-boxed elementor-section-height-default elementor-section-height-default\" data-id=\"1c4be56\" data-element_type=\"section\" data-e-type=\"section\" data-settings=\"{&quot;background_background&quot;:&quot;classic&quot;}\">\n\t\t\t\t\t\t<div class=\"elementor-container elementor-column-gap-no\">\n\t\t\t\t\t<div class=\"elementor-column elementor-col-50 elementor-top-column elementor-element elementor-element-19837e6\" data-id=\"19837e6\" data-element_type=\"column\" data-e-type=\"column\">\n\t\t\t<div class=\"elementor-widget-wrap elementor-element-populated\">\n\t\t\t\t\t\t<div class=\"elementor-element elementor-element-a0cec72 elementor-widget elementor-widget-cs_title\" data-id=\"a0cec72\" data-element_type=\"widget\" data-e-type=\"widget\" data-widget_type=\"cs_title.default\">\n\t\t\t\t<div class=\"elementor-widget-container\">\n\t\t\t\t\t\n        <div class=\"cs-title-wrap text-right text-left-tablet\">\t            <h5 class=\"cs-title\">\n\t                Luci d'Artista\t            <\/h5>\t            <div class=\"cs-title-text\">\n\t                <p>Von November bis Januar verwandelt sich die Altstadt in eine Galerie unter freiem Himmel. Lichtinstallationen internationaler K\u00fcnstler erleuchten Stra\u00dfen und Pl\u00e4tze in einem Event, das die Reise wert ist. <\/p>\t            <\/div>        <\/div>\t\t\t\t<\/div>\n\t\t\t\t<\/div>\n\t\t\t\t\t<\/div>\n\t\t<\/div>\n\t\t\t\t<div class=\"elementor-column elementor-col-50 elementor-top-column elementor-element elementor-element-666c34b\" data-id=\"666c34b\" data-element_type=\"column\" data-e-type=\"column\">\n\t\t\t<div class=\"elementor-widget-wrap elementor-element-populated\">\n\t\t\t\t\t\t<div class=\"elementor-element elementor-element-6c35275 elementor-widget elementor-widget-cs_call_to_action\" data-id=\"6c35275\" data-element_type=\"widget\" data-e-type=\"widget\" data-settings=\"{&quot;overlay_background&quot;:&quot;gradient&quot;}\" data-widget_type=\"cs_call_to_action.default\">\n\t\t\t\t<div class=\"elementor-widget-container\">\n\t\t\t\t\t\n\t\t<div class=\"cs-cta cta-layout-text-overlap content-bottom with-inner-border dark-color text-left cta-hover-img-zoom\">\n            <div class=\"cs-cta-wrap\">\t\t               \t<div class=\"cs-cta-img\">\n\t\t                    <img loading=\"lazy\" decoding=\"async\" width=\"600\" height=\"589\" src=\"https:\/\/incityhospitalitycollection.it\/wp-content\/uploads\/2026\/06\/005-e1781706377246-600x589.jpeg\" class=\"attachment-cozystay_600x9999 size-cozystay_600x9999 wp-image-2478\" alt=\"\" srcset=\"https:\/\/incityhospitalitycollection.it\/wp-content\/uploads\/2026\/06\/005-e1781706377246-600x589.jpeg 600w, https:\/\/incityhospitalitycollection.it\/wp-content\/uploads\/2026\/06\/005-e1781706377246-300x294.jpeg 300w, https:\/\/incityhospitalitycollection.it\/wp-content\/uploads\/2026\/06\/005-e1781706377246-1024x1005.jpeg 1024w, https:\/\/incityhospitalitycollection.it\/wp-content\/uploads\/2026\/06\/005-e1781706377246-768x754.jpeg 768w, https:\/\/incityhospitalitycollection.it\/wp-content\/uploads\/2026\/06\/005-e1781706377246-1440x1413.jpeg 1440w, https:\/\/incityhospitalitycollection.it\/wp-content\/uploads\/2026\/06\/005-e1781706377246-1200x1177.jpeg 1200w, https:\/\/incityhospitalitycollection.it\/wp-content\/uploads\/2026\/06\/005-e1781706377246-780x765.jpeg 780w, https:\/\/incityhospitalitycollection.it\/wp-content\/uploads\/2026\/06\/005-e1781706377246-550x540.jpeg 550w, https:\/\/incityhospitalitycollection.it\/wp-content\/uploads\/2026\/06\/005-e1781706377246-370x363.jpeg 370w, https:\/\/incityhospitalitycollection.it\/wp-content\/uploads\/2026\/06\/005-e1781706377246-255x250.jpeg 255w, https:\/\/incityhospitalitycollection.it\/wp-content\/uploads\/2026\/06\/005-e1781706377246-150x147.jpeg 150w, https:\/\/incityhospitalitycollection.it\/wp-content\/uploads\/2026\/06\/005-e1781706377246.jpeg 1536w\" sizes=\"(max-width: 600px) 100vw, 600px\" \/>\t\t                <\/div>                <div class=\"cs-cta-overlay\"><\/div>\n                <div class=\"cs-cta-content\">\t\t\t<\/div>                <a class=\"cs-cta-link\" href=\"#\" aria-label=\"Call to Action Link\"><\/a>            <\/div>\n        <\/div>\t\t\t\t<\/div>\n\t\t\t\t<\/div>\n\t\t\t\t\t<\/div>\n\t\t<\/div>\n\t\t\t\t\t<\/div>\n\t\t<\/section>\n\t\t<div class=\"elementor-element elementor-element-4893706 e-flex e-con-boxed e-con e-parent\" data-id=\"4893706\" data-element_type=\"container\" data-e-type=\"container\">\n\t\t\t\t\t<div class=\"e-con-inner\">\n\t\t\t\t<div class=\"elementor-element elementor-element-98e356f elementor-widget elementor-widget-cs_title\" data-id=\"98e356f\" data-element_type=\"widget\" data-e-type=\"widget\" data-widget_type=\"cs_title.default\">\n\t\t\t\t<div class=\"elementor-widget-container\">\n\t\t\t\t\t\n        <div class=\"cs-title-wrap text-left\">\t            <div class=\"cs-subtitle-wrap\"><span class=\"cs-subtitle\">erlebnis<\/span><\/div>\t            <h4 class=\"cs-title\">\n\t                Wie Sie Ihre Tage f\u00fcllen k\u00f6nnen\t            <\/h4>        <\/div>\t\t\t\t<\/div>\n\t\t\t\t<\/div>\n\t\t\t\t\t<\/div>\n\t\t\t\t<\/div>\n\t\t\t\t<section class=\"elementor-section elementor-top-section elementor-element elementor-element-08895f8 animated-fast cs-animation-small-offset elementor-section-boxed elementor-section-height-default elementor-section-height-default elementor-invisible\" data-id=\"08895f8\" data-element_type=\"section\" data-e-type=\"section\" data-settings=\"{&quot;animation&quot;:&quot;fadeInUp&quot;,&quot;animation_delay&quot;:200}\">\n\t\t\t\t\t\t<div class=\"elementor-container elementor-column-gap-no\">\n\t\t\t\t\t<div class=\"elementor-column elementor-col-33 elementor-top-column elementor-element elementor-element-002e09b\" data-id=\"002e09b\" data-element_type=\"column\" data-e-type=\"column\">\n\t\t\t<div class=\"elementor-widget-wrap elementor-element-populated\">\n\t\t\t\t\t\t<div class=\"elementor-element elementor-element-b6b6fd7 elementor-widget elementor-widget-cs_call_to_action\" data-id=\"b6b6fd7\" data-element_type=\"widget\" data-e-type=\"widget\" data-settings=\"{&quot;overlay_background&quot;:&quot;classic&quot;}\" data-widget_type=\"cs_call_to_action.default\">\n\t\t\t\t<div class=\"elementor-widget-container\">\n\t\t\t\t\t\n\t\t<div class=\"cs-cta cta-layout-text-overlap content-bottom with-inner-border dark-color text-center cta-hover-img-zoom\">\n            <div class=\"cs-cta-wrap\">\t\t               \t<div class=\"cs-cta-img\">\n\t\t                    <img loading=\"lazy\" decoding=\"async\" width=\"550\" height=\"825\" src=\"https:\/\/incityhospitalitycollection.it\/wp-content\/uploads\/2026\/06\/alessio-bachetti-Kgv2UxpU3cM-unsplash-550x825.jpg\" class=\"attachment-cozystay_550x9999 size-cozystay_550x9999 wp-image-2479\" alt=\"\" srcset=\"https:\/\/incityhospitalitycollection.it\/wp-content\/uploads\/2026\/06\/alessio-bachetti-Kgv2UxpU3cM-unsplash-550x825.jpg 550w, https:\/\/incityhospitalitycollection.it\/wp-content\/uploads\/2026\/06\/alessio-bachetti-Kgv2UxpU3cM-unsplash-200x300.jpg 200w, https:\/\/incityhospitalitycollection.it\/wp-content\/uploads\/2026\/06\/alessio-bachetti-Kgv2UxpU3cM-unsplash-683x1024.jpg 683w, https:\/\/incityhospitalitycollection.it\/wp-content\/uploads\/2026\/06\/alessio-bachetti-Kgv2UxpU3cM-unsplash-768x1152.jpg 768w, https:\/\/incityhospitalitycollection.it\/wp-content\/uploads\/2026\/06\/alessio-bachetti-Kgv2UxpU3cM-unsplash-1024x1536.jpg 1024w, https:\/\/incityhospitalitycollection.it\/wp-content\/uploads\/2026\/06\/alessio-bachetti-Kgv2UxpU3cM-unsplash-1365x2048.jpg 1365w, https:\/\/incityhospitalitycollection.it\/wp-content\/uploads\/2026\/06\/alessio-bachetti-Kgv2UxpU3cM-unsplash-1920x2880.jpg 1920w, https:\/\/incityhospitalitycollection.it\/wp-content\/uploads\/2026\/06\/alessio-bachetti-Kgv2UxpU3cM-unsplash-1440x2160.jpg 1440w, https:\/\/incityhospitalitycollection.it\/wp-content\/uploads\/2026\/06\/alessio-bachetti-Kgv2UxpU3cM-unsplash-1200x1800.jpg 1200w, https:\/\/incityhospitalitycollection.it\/wp-content\/uploads\/2026\/06\/alessio-bachetti-Kgv2UxpU3cM-unsplash-780x1170.jpg 780w, https:\/\/incityhospitalitycollection.it\/wp-content\/uploads\/2026\/06\/alessio-bachetti-Kgv2UxpU3cM-unsplash-600x900.jpg 600w, https:\/\/incityhospitalitycollection.it\/wp-content\/uploads\/2026\/06\/alessio-bachetti-Kgv2UxpU3cM-unsplash-370x555.jpg 370w, https:\/\/incityhospitalitycollection.it\/wp-content\/uploads\/2026\/06\/alessio-bachetti-Kgv2UxpU3cM-unsplash-255x383.jpg 255w, https:\/\/incityhospitalitycollection.it\/wp-content\/uploads\/2026\/06\/alessio-bachetti-Kgv2UxpU3cM-unsplash-100x150.jpg 100w, https:\/\/incityhospitalitycollection.it\/wp-content\/uploads\/2026\/06\/alessio-bachetti-Kgv2UxpU3cM-unsplash-scaled.jpg 1707w\" sizes=\"(max-width: 550px) 100vw, 550px\" \/>\t\t                <\/div>                <div class=\"cs-cta-overlay\"><\/div>\n                <div class=\"cs-cta-content\">\t\t\t\t\t<div class=\"cs-subtitle-wrap\"><span class=\"cs-subtitle color-white\">KULTUR<\/span><\/div>\t\t            <h6 class=\"cs-cta-title cs-title\">\n\t\t                Amalfik\u00fcste per Boot\t\t            <\/h6>\t\t            <div class=\"cs-cta-text\">\n\t\t                <p>Vom Hafen Salerno legen t\u00e4glich F\u00e4hren und private Touren nach Amalfi, Positano und Capri ab. Die eleganteste Art, sie zu sehen. <\/p>\t\t            <\/div>\t\t\t<\/div>            <\/div>\n        <\/div>\t\t\t\t<\/div>\n\t\t\t\t<\/div>\n\t\t\t\t\t<\/div>\n\t\t<\/div>\n\t\t\t\t<div class=\"elementor-column elementor-col-33 elementor-top-column elementor-element elementor-element-6c4385b\" data-id=\"6c4385b\" data-element_type=\"column\" data-e-type=\"column\">\n\t\t\t<div class=\"elementor-widget-wrap elementor-element-populated\">\n\t\t\t\t\t\t<div class=\"elementor-element elementor-element-d4048a1 elementor-widget elementor-widget-cs_call_to_action\" data-id=\"d4048a1\" data-element_type=\"widget\" data-e-type=\"widget\" data-settings=\"{&quot;overlay_background&quot;:&quot;gradient&quot;}\" data-widget_type=\"cs_call_to_action.default\">\n\t\t\t\t<div class=\"elementor-widget-container\">\n\t\t\t\t\t\n\t\t<div class=\"cs-cta cta-layout-text-overlap content-bottom with-inner-border dark-color text-center cta-hover-img-zoom\">\n            <div class=\"cs-cta-wrap\">\t\t               \t<div class=\"cs-cta-img\">\n\t\t                    <img loading=\"lazy\" decoding=\"async\" width=\"550\" height=\"838\" src=\"https:\/\/incityhospitalitycollection.it\/wp-content\/uploads\/2026\/06\/giovanni-santa-N4F6cKqGhEg-unsplash-scaled-e1781706878598-550x838.jpg\" class=\"attachment-cozystay_550x9999 size-cozystay_550x9999 wp-image-2480\" alt=\"\" srcset=\"https:\/\/incityhospitalitycollection.it\/wp-content\/uploads\/2026\/06\/giovanni-santa-N4F6cKqGhEg-unsplash-scaled-e1781706878598-550x838.jpg 550w, https:\/\/incityhospitalitycollection.it\/wp-content\/uploads\/2026\/06\/giovanni-santa-N4F6cKqGhEg-unsplash-scaled-e1781706878598-197x300.jpg 197w, https:\/\/incityhospitalitycollection.it\/wp-content\/uploads\/2026\/06\/giovanni-santa-N4F6cKqGhEg-unsplash-scaled-e1781706878598-672x1024.jpg 672w, https:\/\/incityhospitalitycollection.it\/wp-content\/uploads\/2026\/06\/giovanni-santa-N4F6cKqGhEg-unsplash-scaled-e1781706878598-768x1170.jpg 768w, https:\/\/incityhospitalitycollection.it\/wp-content\/uploads\/2026\/06\/giovanni-santa-N4F6cKqGhEg-unsplash-scaled-e1781706878598-1008x1536.jpg 1008w, https:\/\/incityhospitalitycollection.it\/wp-content\/uploads\/2026\/06\/giovanni-santa-N4F6cKqGhEg-unsplash-scaled-e1781706878598-1200x1829.jpg 1200w, https:\/\/incityhospitalitycollection.it\/wp-content\/uploads\/2026\/06\/giovanni-santa-N4F6cKqGhEg-unsplash-scaled-e1781706878598-780x1189.jpg 780w, https:\/\/incityhospitalitycollection.it\/wp-content\/uploads\/2026\/06\/giovanni-santa-N4F6cKqGhEg-unsplash-scaled-e1781706878598-600x914.jpg 600w, https:\/\/incityhospitalitycollection.it\/wp-content\/uploads\/2026\/06\/giovanni-santa-N4F6cKqGhEg-unsplash-scaled-e1781706878598-370x564.jpg 370w, https:\/\/incityhospitalitycollection.it\/wp-content\/uploads\/2026\/06\/giovanni-santa-N4F6cKqGhEg-unsplash-scaled-e1781706878598-255x389.jpg 255w, https:\/\/incityhospitalitycollection.it\/wp-content\/uploads\/2026\/06\/giovanni-santa-N4F6cKqGhEg-unsplash-scaled-e1781706878598-98x150.jpg 98w, https:\/\/incityhospitalitycollection.it\/wp-content\/uploads\/2026\/06\/giovanni-santa-N4F6cKqGhEg-unsplash-scaled-e1781706878598.jpg 1260w\" sizes=\"(max-width: 550px) 100vw, 550px\" \/>\t\t                <\/div>                <div class=\"cs-cta-overlay\"><\/div>\n                <div class=\"cs-cta-content\">\t\t\t\t\t<div class=\"cs-subtitle-wrap\"><span class=\"cs-subtitle color-white\">kultur<\/span><\/div>\t\t            <h6 class=\"cs-cta-title cs-title\">\n\t\t                Paestum\t\t            <\/h6>\t\t            <div class=\"cs-cta-text\">\n\t\t                <p>Weniger als 40 Minuten entfernt geh\u00f6ren die griechischen Tempel von Paestum zu den am besten erhaltenen der Welt. Au\u00dfergew\u00f6hnlich. <\/p>\t\t            <\/div>\t\t\t<\/div>            <\/div>\n        <\/div>\t\t\t\t<\/div>\n\t\t\t\t<\/div>\n\t\t\t\t\t<\/div>\n\t\t<\/div>\n\t\t\t\t<div class=\"elementor-column elementor-col-33 elementor-top-column elementor-element elementor-element-cd83d8e\" data-id=\"cd83d8e\" data-element_type=\"column\" data-e-type=\"column\">\n\t\t\t<div class=\"elementor-widget-wrap elementor-element-populated\">\n\t\t\t\t\t\t<div class=\"elementor-element elementor-element-309af05 elementor-widget elementor-widget-cs_call_to_action\" data-id=\"309af05\" data-element_type=\"widget\" data-e-type=\"widget\" data-settings=\"{&quot;overlay_background&quot;:&quot;gradient&quot;}\" data-widget_type=\"cs_call_to_action.default\">\n\t\t\t\t<div class=\"elementor-widget-container\">\n\t\t\t\t\t\n\t\t<div class=\"cs-cta cta-layout-text-overlap content-bottom with-inner-border dark-color text-center cta-hover-img-zoom\">\n            <div class=\"cs-cta-wrap\">\t\t               \t<div class=\"cs-cta-img\">\n\t\t                    <img loading=\"lazy\" decoding=\"async\" width=\"550\" height=\"836\" src=\"https:\/\/incityhospitalitycollection.it\/wp-content\/uploads\/2026\/06\/WhatsApp-Image-2026-06-05-at-15.09.10-scaled-e1781707008486-550x836.jpeg\" class=\"attachment-cozystay_550x9999 size-cozystay_550x9999 wp-image-2481\" alt=\"\" srcset=\"https:\/\/incityhospitalitycollection.it\/wp-content\/uploads\/2026\/06\/WhatsApp-Image-2026-06-05-at-15.09.10-scaled-e1781707008486-550x836.jpeg 550w, https:\/\/incityhospitalitycollection.it\/wp-content\/uploads\/2026\/06\/WhatsApp-Image-2026-06-05-at-15.09.10-scaled-e1781707008486-197x300.jpeg 197w, https:\/\/incityhospitalitycollection.it\/wp-content\/uploads\/2026\/06\/WhatsApp-Image-2026-06-05-at-15.09.10-scaled-e1781707008486-674x1024.jpeg 674w, https:\/\/incityhospitalitycollection.it\/wp-content\/uploads\/2026\/06\/WhatsApp-Image-2026-06-05-at-15.09.10-scaled-e1781707008486-768x1167.jpeg 768w, https:\/\/incityhospitalitycollection.it\/wp-content\/uploads\/2026\/06\/WhatsApp-Image-2026-06-05-at-15.09.10-scaled-e1781707008486-1011x1536.jpeg 1011w, https:\/\/incityhospitalitycollection.it\/wp-content\/uploads\/2026\/06\/WhatsApp-Image-2026-06-05-at-15.09.10-scaled-e1781707008486-1347x2048.jpeg 1347w, https:\/\/incityhospitalitycollection.it\/wp-content\/uploads\/2026\/06\/WhatsApp-Image-2026-06-05-at-15.09.10-scaled-e1781707008486-1440x2189.jpeg 1440w, https:\/\/incityhospitalitycollection.it\/wp-content\/uploads\/2026\/06\/WhatsApp-Image-2026-06-05-at-15.09.10-scaled-e1781707008486-1200x1824.jpeg 1200w, https:\/\/incityhospitalitycollection.it\/wp-content\/uploads\/2026\/06\/WhatsApp-Image-2026-06-05-at-15.09.10-scaled-e1781707008486-780x1186.jpeg 780w, https:\/\/incityhospitalitycollection.it\/wp-content\/uploads\/2026\/06\/WhatsApp-Image-2026-06-05-at-15.09.10-scaled-e1781707008486-600x912.jpeg 600w, https:\/\/incityhospitalitycollection.it\/wp-content\/uploads\/2026\/06\/WhatsApp-Image-2026-06-05-at-15.09.10-scaled-e1781707008486-370x562.jpeg 370w, https:\/\/incityhospitalitycollection.it\/wp-content\/uploads\/2026\/06\/WhatsApp-Image-2026-06-05-at-15.09.10-scaled-e1781707008486-255x388.jpeg 255w, https:\/\/incityhospitalitycollection.it\/wp-content\/uploads\/2026\/06\/WhatsApp-Image-2026-06-05-at-15.09.10-scaled-e1781707008486-99x150.jpeg 99w, https:\/\/incityhospitalitycollection.it\/wp-content\/uploads\/2026\/06\/WhatsApp-Image-2026-06-05-at-15.09.10-scaled-e1781707008486.jpeg 1600w\" sizes=\"(max-width: 550px) 100vw, 550px\" \/>\t\t                <\/div>                <div class=\"cs-cta-overlay\"><\/div>\n                <div class=\"cs-cta-content\">\t\t\t\t\t<div class=\"cs-subtitle-wrap\"><span class=\"cs-subtitle color-white\">TREKKING<\/span><\/div>\t\t            <h6 class=\"cs-cta-title cs-title\">\n\t\t                Sentiero degli Dei\t\t            <\/h6>\t\t            <div class=\"cs-cta-text\">\n\t\t                <p>Die ikonischste Wanderung Kampaniens, zwischen Agerola und Positano, mit unvergesslichen Ausblicken auf die K\u00fcste.<\/p>\t\t            <\/div>\t\t\t<\/div>            <\/div>\n        <\/div>\t\t\t\t<\/div>\n\t\t\t\t<\/div>\n\t\t\t\t\t<\/div>\n\t\t<\/div>\n\t\t\t\t\t<\/div>\n\t\t<\/section>\n\t\t\t\t<section class=\"elementor-section elementor-top-section elementor-element elementor-element-80a5f2f animated-fast cs-animation-small-offset elementor-align-center elementor-section-boxed elementor-section-height-default elementor-section-height-default elementor-invisible\" data-id=\"80a5f2f\" data-element_type=\"section\" data-e-type=\"section\" data-settings=\"{&quot;animation&quot;:&quot;fadeInUp&quot;,&quot;animation_delay&quot;:200}\">\n\t\t\t\t\t\t<div class=\"elementor-container elementor-column-gap-no\">\n\t\t\t\t\t<div class=\"elementor-column elementor-col-50 elementor-top-column elementor-element elementor-element-ca3b1a1\" data-id=\"ca3b1a1\" data-element_type=\"column\" data-e-type=\"column\">\n\t\t\t<div class=\"elementor-widget-wrap elementor-element-populated\">\n\t\t\t\t\t\t<div class=\"elementor-element elementor-element-e30b110 elementor-widget__width-initial elementor-widget elementor-widget-cs_call_to_action\" data-id=\"e30b110\" data-element_type=\"widget\" data-e-type=\"widget\" data-settings=\"{&quot;overlay_background&quot;:&quot;gradient&quot;}\" data-widget_type=\"cs_call_to_action.default\">\n\t\t\t\t<div class=\"elementor-widget-container\">\n\t\t\t\t\t\n\t\t<div class=\"cs-cta cta-layout-text-overlap content-bottom with-inner-border dark-color text-center cta-hover-img-zoom\">\n            <div class=\"cs-cta-wrap\">\t\t               \t<div class=\"cs-cta-img\">\n\t\t                    <img loading=\"lazy\" decoding=\"async\" width=\"550\" height=\"825\" src=\"https:\/\/incityhospitalitycollection.it\/wp-content\/uploads\/2026\/06\/big-dodzy-ivCYtdfU02Q-unsplash-550x825.jpg\" class=\"attachment-cozystay_550x9999 size-cozystay_550x9999 wp-image-2483\" alt=\"\" srcset=\"https:\/\/incityhospitalitycollection.it\/wp-content\/uploads\/2026\/06\/big-dodzy-ivCYtdfU02Q-unsplash-550x825.jpg 550w, https:\/\/incityhospitalitycollection.it\/wp-content\/uploads\/2026\/06\/big-dodzy-ivCYtdfU02Q-unsplash-200x300.jpg 200w, https:\/\/incityhospitalitycollection.it\/wp-content\/uploads\/2026\/06\/big-dodzy-ivCYtdfU02Q-unsplash-683x1024.jpg 683w, https:\/\/incityhospitalitycollection.it\/wp-content\/uploads\/2026\/06\/big-dodzy-ivCYtdfU02Q-unsplash-768x1152.jpg 768w, https:\/\/incityhospitalitycollection.it\/wp-content\/uploads\/2026\/06\/big-dodzy-ivCYtdfU02Q-unsplash-1024x1536.jpg 1024w, https:\/\/incityhospitalitycollection.it\/wp-content\/uploads\/2026\/06\/big-dodzy-ivCYtdfU02Q-unsplash-1365x2048.jpg 1365w, https:\/\/incityhospitalitycollection.it\/wp-content\/uploads\/2026\/06\/big-dodzy-ivCYtdfU02Q-unsplash-1920x2880.jpg 1920w, https:\/\/incityhospitalitycollection.it\/wp-content\/uploads\/2026\/06\/big-dodzy-ivCYtdfU02Q-unsplash-1440x2160.jpg 1440w, https:\/\/incityhospitalitycollection.it\/wp-content\/uploads\/2026\/06\/big-dodzy-ivCYtdfU02Q-unsplash-1200x1800.jpg 1200w, https:\/\/incityhospitalitycollection.it\/wp-content\/uploads\/2026\/06\/big-dodzy-ivCYtdfU02Q-unsplash-780x1170.jpg 780w, https:\/\/incityhospitalitycollection.it\/wp-content\/uploads\/2026\/06\/big-dodzy-ivCYtdfU02Q-unsplash-600x900.jpg 600w, https:\/\/incityhospitalitycollection.it\/wp-content\/uploads\/2026\/06\/big-dodzy-ivCYtdfU02Q-unsplash-370x555.jpg 370w, https:\/\/incityhospitalitycollection.it\/wp-content\/uploads\/2026\/06\/big-dodzy-ivCYtdfU02Q-unsplash-255x382.jpg 255w, https:\/\/incityhospitalitycollection.it\/wp-content\/uploads\/2026\/06\/big-dodzy-ivCYtdfU02Q-unsplash-100x150.jpg 100w, https:\/\/incityhospitalitycollection.it\/wp-content\/uploads\/2026\/06\/big-dodzy-ivCYtdfU02Q-unsplash-scaled.jpg 1707w\" sizes=\"(max-width: 550px) 100vw, 550px\" \/>\t\t                <\/div>                <div class=\"cs-cta-overlay\"><\/div>\n                <div class=\"cs-cta-content\">\t\t\t\t\t<div class=\"cs-subtitle-wrap\"><span class=\"cs-subtitle color-white\">K\u00dcCHE<\/span><\/div>\t\t            <h6 class=\"cs-cta-title cs-title\">\n\t\t                Kampanische K\u00fcche\t\t            <\/h6>\t\t            <div class=\"cs-cta-text\">\n\t\t                <p>Mozzarella di Bufala DOP, Sardellen aus Cetara, handwerklicher Limoncello, Sfogliatelle, Pizza fritta. Hier ist Essen Kultur, nicht nur Genuss. <\/p>\t\t            <\/div>\t\t\t<\/div>            <\/div>\n        <\/div>\t\t\t\t<\/div>\n\t\t\t\t<\/div>\n\t\t\t\t\t<\/div>\n\t\t<\/div>\n\t\t\t\t<div class=\"elementor-column elementor-col-50 elementor-top-column elementor-element elementor-element-43483c1\" data-id=\"43483c1\" data-element_type=\"column\" data-e-type=\"column\">\n\t\t\t<div class=\"elementor-widget-wrap elementor-element-populated\">\n\t\t\t\t\t\t<div class=\"elementor-element elementor-element-9b76107 elementor-widget__width-initial elementor-widget-mobile__width-initial elementor-widget elementor-widget-cs_call_to_action\" data-id=\"9b76107\" data-element_type=\"widget\" data-e-type=\"widget\" data-settings=\"{&quot;overlay_background&quot;:&quot;gradient&quot;}\" data-widget_type=\"cs_call_to_action.default\">\n\t\t\t\t<div class=\"elementor-widget-container\">\n\t\t\t\t\t\n\t\t<div class=\"cs-cta cta-layout-text-overlap content-bottom with-inner-border dark-color text-center cta-hover-img-zoom\">\n            <div class=\"cs-cta-wrap\">\t\t               \t<div class=\"cs-cta-img\">\n\t\t                    <img loading=\"lazy\" decoding=\"async\" width=\"550\" height=\"828\" src=\"https:\/\/incityhospitalitycollection.it\/wp-content\/uploads\/2026\/06\/cala-bianca-spiaggia-piu-bella-di-Italia-scaled-e1781708045918-550x828.jpg\" class=\"attachment-cozystay_550x9999 size-cozystay_550x9999 wp-image-2484\" alt=\"\" srcset=\"https:\/\/incityhospitalitycollection.it\/wp-content\/uploads\/2026\/06\/cala-bianca-spiaggia-piu-bella-di-Italia-scaled-e1781708045918-550x828.jpg 550w, https:\/\/incityhospitalitycollection.it\/wp-content\/uploads\/2026\/06\/cala-bianca-spiaggia-piu-bella-di-Italia-scaled-e1781708045918-199x300.jpg 199w, https:\/\/incityhospitalitycollection.it\/wp-content\/uploads\/2026\/06\/cala-bianca-spiaggia-piu-bella-di-Italia-scaled-e1781708045918-680x1024.jpg 680w, https:\/\/incityhospitalitycollection.it\/wp-content\/uploads\/2026\/06\/cala-bianca-spiaggia-piu-bella-di-Italia-scaled-e1781708045918-600x903.jpg 600w, https:\/\/incityhospitalitycollection.it\/wp-content\/uploads\/2026\/06\/cala-bianca-spiaggia-piu-bella-di-Italia-scaled-e1781708045918-370x557.jpg 370w, https:\/\/incityhospitalitycollection.it\/wp-content\/uploads\/2026\/06\/cala-bianca-spiaggia-piu-bella-di-Italia-scaled-e1781708045918-255x384.jpg 255w, https:\/\/incityhospitalitycollection.it\/wp-content\/uploads\/2026\/06\/cala-bianca-spiaggia-piu-bella-di-Italia-scaled-e1781708045918-100x150.jpg 100w, https:\/\/incityhospitalitycollection.it\/wp-content\/uploads\/2026\/06\/cala-bianca-spiaggia-piu-bella-di-Italia-scaled-e1781708045918.jpg 734w\" sizes=\"(max-width: 550px) 100vw, 550px\" \/>\t\t                <\/div>                <div class=\"cs-cta-overlay\"><\/div>\n                <div class=\"cs-cta-content\">\t\t\t\t\t<div class=\"cs-subtitle-wrap\"><span class=\"cs-subtitle color-white\">MEER<\/span><\/div>\t\t            <h6 class=\"cs-cta-title cs-title\">\n\t\t                Str\u00e4nde des Cilento\t\t            <\/h6>\t\t            <div class=\"cs-cta-text\">\n\t\t                <p>Wild, wenig \u00fcberlaufen, authentisch. Ideal f\u00fcr alle, die das echte Meer ohne Kompromisse suchen. <\/p>\t\t            <\/div>\t\t\t<\/div>            <\/div>\n        <\/div>\t\t\t\t<\/div>\n\t\t\t\t<\/div>\n\t\t\t\t\t<\/div>\n\t\t<\/div>\n\t\t\t\t\t<\/div>\n\t\t<\/section>\n\t\t<div class=\"elementor-element elementor-element-0ce10ff e-flex e-con-boxed e-con e-parent\" data-id=\"0ce10ff\" data-element_type=\"container\" data-e-type=\"container\">\n\t\t\t\t\t<div class=\"e-con-inner\">\n\t\t\t\t<div class=\"elementor-element elementor-element-f15d3d3 elementor-widget elementor-widget-cs_title\" data-id=\"f15d3d3\" data-element_type=\"widget\" data-e-type=\"widget\" data-widget_type=\"cs_title.default\">\n\t\t\t\t<div class=\"elementor-widget-container\">\n\t\t\t\t\t\n        <div class=\"cs-title-wrap text-left\">\t            <div class=\"cs-subtitle-wrap\"><span class=\"cs-subtitle\">die-umgebung<\/span><\/div>\t            <h4 class=\"cs-title\">\n\t                Alles, was Sie von hier aus erreichen k\u00f6nnen\t            <\/h4>        <\/div>\t\t\t\t<\/div>\n\t\t\t\t<\/div>\n\t\t\t\t\t<\/div>\n\t\t\t\t<\/div>\n\t\t<div class=\"elementor-element elementor-element-d2f4a58 e-flex e-con-boxed e-con e-parent\" data-id=\"d2f4a58\" data-element_type=\"container\" data-e-type=\"container\">\n\t\t\t\t\t<div class=\"e-con-inner\">\n\t\t<div class=\"elementor-element elementor-element-f30937e e-con-full e-flex e-con e-child\" data-id=\"f30937e\" data-element_type=\"container\" data-e-type=\"container\">\n\t\t\t\t<div class=\"elementor-element elementor-element-ca242c1 elementor-widget elementor-widget-image\" data-id=\"ca242c1\" data-element_type=\"widget\" data-e-type=\"widget\" data-widget_type=\"image.default\">\n\t\t\t\t\t\t\t\t\t\t\t\t\t\t\t<img loading=\"lazy\" decoding=\"async\" width=\"957\" height=\"1024\" src=\"https:\/\/incityhospitalitycollection.it\/wp-content\/uploads\/2026\/06\/gianpaolo-antonucci-Rcr6Dqwn6FI-unsplash-scaled-e1781708223745-957x1024.jpg\" class=\"attachment-large size-large wp-image-2816\" alt=\"\" srcset=\"https:\/\/incityhospitalitycollection.it\/wp-content\/uploads\/2026\/06\/gianpaolo-antonucci-Rcr6Dqwn6FI-unsplash-scaled-e1781708223745-957x1024.jpg 957w, https:\/\/incityhospitalitycollection.it\/wp-content\/uploads\/2026\/06\/gianpaolo-antonucci-Rcr6Dqwn6FI-unsplash-scaled-e1781708223745-280x300.jpg 280w, https:\/\/incityhospitalitycollection.it\/wp-content\/uploads\/2026\/06\/gianpaolo-antonucci-Rcr6Dqwn6FI-unsplash-scaled-e1781708223745-768x821.jpg 768w, https:\/\/incityhospitalitycollection.it\/wp-content\/uploads\/2026\/06\/gianpaolo-antonucci-Rcr6Dqwn6FI-unsplash-scaled-e1781708223745-1436x1536.jpg 1436w, https:\/\/incityhospitalitycollection.it\/wp-content\/uploads\/2026\/06\/gianpaolo-antonucci-Rcr6Dqwn6FI-unsplash-scaled-e1781708223745-1440x1540.jpg 1440w, https:\/\/incityhospitalitycollection.it\/wp-content\/uploads\/2026\/06\/gianpaolo-antonucci-Rcr6Dqwn6FI-unsplash-scaled-e1781708223745-1200x1283.jpg 1200w, https:\/\/incityhospitalitycollection.it\/wp-content\/uploads\/2026\/06\/gianpaolo-antonucci-Rcr6Dqwn6FI-unsplash-scaled-e1781708223745-780x834.jpg 780w, https:\/\/incityhospitalitycollection.it\/wp-content\/uploads\/2026\/06\/gianpaolo-antonucci-Rcr6Dqwn6FI-unsplash-scaled-e1781708223745-600x642.jpg 600w, https:\/\/incityhospitalitycollection.it\/wp-content\/uploads\/2026\/06\/gianpaolo-antonucci-Rcr6Dqwn6FI-unsplash-scaled-e1781708223745-550x588.jpg 550w, https:\/\/incityhospitalitycollection.it\/wp-content\/uploads\/2026\/06\/gianpaolo-antonucci-Rcr6Dqwn6FI-unsplash-scaled-e1781708223745-370x396.jpg 370w, https:\/\/incityhospitalitycollection.it\/wp-content\/uploads\/2026\/06\/gianpaolo-antonucci-Rcr6Dqwn6FI-unsplash-scaled-e1781708223745-255x273.jpg 255w, https:\/\/incityhospitalitycollection.it\/wp-content\/uploads\/2026\/06\/gianpaolo-antonucci-Rcr6Dqwn6FI-unsplash-scaled-e1781708223745-140x150.jpg 140w, https:\/\/incityhospitalitycollection.it\/wp-content\/uploads\/2026\/06\/gianpaolo-antonucci-Rcr6Dqwn6FI-unsplash-scaled-e1781708223745.jpg 1596w\" sizes=\"(max-width: 957px) 100vw, 957px\" \/>\t\t\t\t\t\t\t\t\t\t\t\t\t\t\t<\/div>\n\t\t\t\t<\/div>\n\t\t<div class=\"elementor-element elementor-element-976d504 e-con-full e-flex e-con e-child\" data-id=\"976d504\" data-element_type=\"container\" data-e-type=\"container\">\n\t\t\t\t<div class=\"elementor-element elementor-element-3f0069d elementor-widget elementor-widget-text-editor\" data-id=\"3f0069d\" data-element_type=\"widget\" data-e-type=\"widget\" data-widget_type=\"text-editor.default\">\n\t\t\t\t\t\t\t\t\t<ul>\n \t<li><i>Amalfik\u00fcste:<\/i> 20 Min. mit dem Auto \u00b7 40 Min. mit der F\u00e4hre<\/li>\n \t<li><i>Paestum:<\/i> 40 Min. mit dem Auto<\/li>\n \t<li><i>Ravello und Positano:<\/i> 1 Stunde mit dem Auto<\/li>\n \t<li><i>Nationalpark Cilento:<\/i> 1 Stunde mit dem Auto<\/li>\n \t<li><i>Neapel und Pompeji:<\/i> 45 Min. mit dem Zug<\/li>\n \t<li><i>Capri:<\/i> 1h30 mit dem Tragfl\u00e4chenboot vom Hafen<\/li>\n<\/ul>\t\t\t\t\t\t\t\t<\/div>\n\t\t\t\t<\/div>\n\t\t\t\t\t<\/div>\n\t\t\t\t<\/div>\n\t\t\t\t<\/div>\n\t\t","protected":false},"excerpt":{"rendered":"<p>salerno Viel mehr als ein Ausgangspunkt. Salerno ist eine Stadt, die Zeit verdient: ein mittelalterliches Zentrum, das zu den am besten erhaltenen S\u00fcditaliens z\u00e4hlt, eine endlose Strandpromenade, eine duftende K\u00fcche und jenes tiefe Nachmittagslicht, das hier zu etwas Besonderem wird. SEHENSW\u00dcRDIGKEITEN In der Stadt Die Altstadt und Via dei Mercanti Die mittelalterliche Achse Salernos ist &#8230;<\/p>\n","protected":false},"author":1,"featured_media":2830,"parent":0,"menu_order":0,"comment_status":"closed","ping_status":"closed","template":"template-wide-content.php","meta":{"_monsterinsights_skip_tracking":false,"_monsterinsights_sitenote_active":false,"_monsterinsights_sitenote_note":"","_monsterinsights_sitenote_category":0,"cozystay_single_page_hide_site_header":"","cozystay_single_page_site_header_source":"","cozystay_single_page_custom_site_header":"0","cozystay_single_page_custom_sticky_site_header":"0","cozystay_single_page_hide_page_title":"on","cozystay_single_page_header_section_size":"","cozystay_single_page_header_background_color":"","cozystay_single_page_header_background_position_x":"center","cozystay_single_page_header_background_position_y":"center","cozystay_single_page_header_background_size":"cover","cozystay_single_page_header_background_repeat":"off","cozystay_single_page_header_background_scroll":"on","cozystay_single_page_header_text_color":"","cozystay_single_page_header_show_breadcrumb":"","cozystay_single_page_site_footer_hide_main":"","cozystay_single_custom_site_footer_main_source":"","cozystay_single_custom_site_footer_main":"0","cozystay_single_page_site_footer_hide_above":"","cozystay_single_custom_site_footer_above_source":"","cozystay_single_custom_site_footer_above":"0","cozystay_single_page_site_footer_hide_instagram":"","cozystay_single_page_site_footer_hide_bottom":"","cozystay_single_custom_mobile_menu_source":"","cozystay_single_custom_mobile_menu":"0","cozystay_single_custom_mobile_menu_animation":"","cozystay_single_custom_mobile_menu_width":"","cozystay_single_custom_mobile_menu_custom_width":375,"footnotes":""},"class_list":["post-2827","page","type-page","status-publish","has-post-thumbnail","hentry"],"yoast_head":"<!-- This site is optimized with the Yoast SEO plugin v27.9 - https:\/\/yoast.com\/product\/yoast-seo-wordpress\/ -->\n<title>Salerno und Umgebung - In City Hospitality Collection<\/title>\n<meta name=\"description\" content=\"Vom mittelalterlichen Zentrum bis zur Amalfik\u00fcste, von Paestum bis Capri. Entdecken Sie alles, was Sie von Salerno aus unternehmen k\u00f6nnen \u2013 nur wenige Minuten von unseren Apartments entfernt.\" \/>\n<meta name=\"robots\" content=\"index, follow, max-snippet:-1, max-image-preview:large, max-video-preview:-1\" \/>\n<link rel=\"canonical\" href=\"https:\/\/incityhospitalitycollection.it\/de\/salerno-und-umgebung\/\" \/>\n<meta property=\"og:locale\" content=\"de_DE\" \/>\n<meta property=\"og:type\" content=\"article\" \/>\n<meta property=\"og:title\" content=\"Salerno und Umgebung - In City Hospitality Collection\" \/>\n<meta property=\"og:description\" content=\"Vom mittelalterlichen Zentrum bis zur Amalfik\u00fcste, von Paestum bis Capri. Entdecken Sie alles, was Sie von Salerno aus unternehmen k\u00f6nnen \u2013 nur wenige Minuten von unseren Apartments entfernt.\" \/>\n<meta property=\"og:url\" content=\"https:\/\/incityhospitalitycollection.it\/de\/salerno-und-umgebung\/\" \/>\n<meta property=\"og:site_name\" content=\"In City Hospitality Collection\" \/>\n<meta property=\"article:modified_time\" content=\"2026-08-11T10:45:04+00:00\" \/>\n<meta property=\"og:image\" content=\"https:\/\/incityhospitalitycollection.it\/wp-content\/uploads\/2026\/06\/panorama_of_salerno_from_arechi.jpg\" \/>\n\t<meta property=\"og:image:width\" content=\"784\" \/>\n\t<meta property=\"og:image:height\" content=\"410\" \/>\n\t<meta property=\"og:image:type\" content=\"image\/jpeg\" \/>\n<meta name=\"twitter:card\" content=\"summary_large_image\" \/>\n<meta name=\"twitter:label1\" content=\"Gesch\u00e4tzte Lesezeit\" \/>\n\t<meta name=\"twitter:data1\" content=\"5\u00a0Minuten\" \/>\n<script type=\"application\/ld+json\" class=\"yoast-schema-graph\">{\"@context\":\"https:\\\/\\\/schema.org\",\"@graph\":[{\"@type\":\"WebPage\",\"@id\":\"https:\\\/\\\/incityhospitalitycollection.it\\\/de\\\/salerno-und-umgebung\\\/\",\"url\":\"https:\\\/\\\/incityhospitalitycollection.it\\\/de\\\/salerno-und-umgebung\\\/\",\"name\":\"Salerno und Umgebung - In City Hospitality Collection\",\"isPartOf\":{\"@id\":\"https:\\\/\\\/incityhospitalitycollection.it\\\/de\\\/#website\"},\"primaryImageOfPage\":{\"@id\":\"https:\\\/\\\/incityhospitalitycollection.it\\\/de\\\/salerno-und-umgebung\\\/#primaryimage\"},\"image\":{\"@id\":\"https:\\\/\\\/incityhospitalitycollection.it\\\/de\\\/salerno-und-umgebung\\\/#primaryimage\"},\"thumbnailUrl\":\"https:\\\/\\\/incityhospitalitycollection.it\\\/wp-content\\\/uploads\\\/2026\\\/06\\\/panorama_of_salerno_from_arechi.jpg\",\"datePublished\":\"2023-03-14T14:28:00+00:00\",\"dateModified\":\"2026-08-11T10:45:04+00:00\",\"description\":\"Vom mittelalterlichen Zentrum bis zur Amalfik\u00fcste, von Paestum bis Capri. Entdecken Sie alles, was Sie von Salerno aus unternehmen k\u00f6nnen \u2013 nur wenige Minuten von unseren Apartments entfernt.\",\"breadcrumb\":{\"@id\":\"https:\\\/\\\/incityhospitalitycollection.it\\\/de\\\/salerno-und-umgebung\\\/#breadcrumb\"},\"inLanguage\":\"de\",\"potentialAction\":[{\"@type\":\"ReadAction\",\"target\":[\"https:\\\/\\\/incityhospitalitycollection.it\\\/de\\\/salerno-und-umgebung\\\/\"]}]},{\"@type\":\"ImageObject\",\"inLanguage\":\"de\",\"@id\":\"https:\\\/\\\/incityhospitalitycollection.it\\\/de\\\/salerno-und-umgebung\\\/#primaryimage\",\"url\":\"https:\\\/\\\/incityhospitalitycollection.it\\\/wp-content\\\/uploads\\\/2026\\\/06\\\/panorama_of_salerno_from_arechi.jpg\",\"contentUrl\":\"https:\\\/\\\/incityhospitalitycollection.it\\\/wp-content\\\/uploads\\\/2026\\\/06\\\/panorama_of_salerno_from_arechi.jpg\",\"width\":784,\"height\":410},{\"@type\":\"BreadcrumbList\",\"@id\":\"https:\\\/\\\/incityhospitalitycollection.it\\\/de\\\/salerno-und-umgebung\\\/#breadcrumb\",\"itemListElement\":[{\"@type\":\"ListItem\",\"position\":1,\"name\":\"Home\",\"item\":\"https:\\\/\\\/incityhospitalitycollection.it\\\/de\\\/\"},{\"@type\":\"ListItem\",\"position\":2,\"name\":\"Salerno und Umgebung\"}]},{\"@type\":\"WebSite\",\"@id\":\"https:\\\/\\\/incityhospitalitycollection.it\\\/de\\\/#website\",\"url\":\"https:\\\/\\\/incityhospitalitycollection.it\\\/de\\\/\",\"name\":\"In City Hospitality Collection\",\"description\":\"\",\"publisher\":{\"@id\":\"https:\\\/\\\/incityhospitalitycollection.it\\\/de\\\/#organization\"},\"potentialAction\":[{\"@type\":\"SearchAction\",\"target\":{\"@type\":\"EntryPoint\",\"urlTemplate\":\"https:\\\/\\\/incityhospitalitycollection.it\\\/de\\\/?s={search_term_string}\"},\"query-input\":{\"@type\":\"PropertyValueSpecification\",\"valueRequired\":true,\"valueName\":\"search_term_string\"}}],\"inLanguage\":\"de\"},{\"@type\":\"Organization\",\"@id\":\"https:\\\/\\\/incityhospitalitycollection.it\\\/de\\\/#organization\",\"name\":\"In City Hospitality Collection\",\"url\":\"https:\\\/\\\/incityhospitalitycollection.it\\\/de\\\/\",\"logo\":{\"@type\":\"ImageObject\",\"inLanguage\":\"de\",\"@id\":\"https:\\\/\\\/incityhospitalitycollection.it\\\/de\\\/#\\\/schema\\\/logo\\\/image\\\/\",\"url\":\"https:\\\/\\\/incityhospitalitycollection.it\\\/wp-content\\\/uploads\\\/2026\\\/06\\\/logoincity.png\",\"contentUrl\":\"https:\\\/\\\/incityhospitalitycollection.it\\\/wp-content\\\/uploads\\\/2026\\\/06\\\/logoincity.png\",\"width\":600,\"height\":194,\"caption\":\"In City Hospitality Collection\"},\"image\":{\"@id\":\"https:\\\/\\\/incityhospitalitycollection.it\\\/de\\\/#\\\/schema\\\/logo\\\/image\\\/\"}}]}<\/script>\n<!-- \/ Yoast SEO plugin. -->","yoast_head_json":{"title":"Salerno und Umgebung - In City Hospitality Collection","description":"Vom mittelalterlichen Zentrum bis zur Amalfik\u00fcste, von Paestum bis Capri. Entdecken Sie alles, was Sie von Salerno aus unternehmen k\u00f6nnen \u2013 nur wenige Minuten von unseren Apartments entfernt.","robots":{"index":"index","follow":"follow","max-snippet":"max-snippet:-1","max-image-preview":"max-image-preview:large","max-video-preview":"max-video-preview:-1"},"canonical":"https:\/\/incityhospitalitycollection.it\/de\/salerno-und-umgebung\/","og_locale":"de_DE","og_type":"article","og_title":"Salerno und Umgebung - In City Hospitality Collection","og_description":"Vom mittelalterlichen Zentrum bis zur Amalfik\u00fcste, von Paestum bis Capri. Entdecken Sie alles, was Sie von Salerno aus unternehmen k\u00f6nnen \u2013 nur wenige Minuten von unseren Apartments entfernt.","og_url":"https:\/\/incityhospitalitycollection.it\/de\/salerno-und-umgebung\/","og_site_name":"In City Hospitality Collection","article_modified_time":"2026-08-11T10:45:04+00:00","og_image":[{"width":784,"height":410,"url":"https:\/\/incityhospitalitycollection.it\/wp-content\/uploads\/2026\/06\/panorama_of_salerno_from_arechi.jpg","type":"image\/jpeg"}],"twitter_card":"summary_large_image","twitter_misc":{"Gesch\u00e4tzte Lesezeit":"5\u00a0Minuten"},"schema":{"@context":"https:\/\/schema.org","@graph":[{"@type":"WebPage","@id":"https:\/\/incityhospitalitycollection.it\/de\/salerno-und-umgebung\/","url":"https:\/\/incityhospitalitycollection.it\/de\/salerno-und-umgebung\/","name":"Salerno und Umgebung - In City Hospitality Collection","isPartOf":{"@id":"https:\/\/incityhospitalitycollection.it\/de\/#website"},"primaryImageOfPage":{"@id":"https:\/\/incityhospitalitycollection.it\/de\/salerno-und-umgebung\/#primaryimage"},"image":{"@id":"https:\/\/incityhospitalitycollection.it\/de\/salerno-und-umgebung\/#primaryimage"},"thumbnailUrl":"https:\/\/incityhospitalitycollection.it\/wp-content\/uploads\/2026\/06\/panorama_of_salerno_from_arechi.jpg","datePublished":"2023-03-14T14:28:00+00:00","dateModified":"2026-08-11T10:45:04+00:00","description":"Vom mittelalterlichen Zentrum bis zur Amalfik\u00fcste, von Paestum bis Capri. Entdecken Sie alles, was Sie von Salerno aus unternehmen k\u00f6nnen \u2013 nur wenige Minuten von unseren Apartments entfernt.","breadcrumb":{"@id":"https:\/\/incityhospitalitycollection.it\/de\/salerno-und-umgebung\/#breadcrumb"},"inLanguage":"de","potentialAction":[{"@type":"ReadAction","target":["https:\/\/incityhospitalitycollection.it\/de\/salerno-und-umgebung\/"]}]},{"@type":"ImageObject","inLanguage":"de","@id":"https:\/\/incityhospitalitycollection.it\/de\/salerno-und-umgebung\/#primaryimage","url":"https:\/\/incityhospitalitycollection.it\/wp-content\/uploads\/2026\/06\/panorama_of_salerno_from_arechi.jpg","contentUrl":"https:\/\/incityhospitalitycollection.it\/wp-content\/uploads\/2026\/06\/panorama_of_salerno_from_arechi.jpg","width":784,"height":410},{"@type":"BreadcrumbList","@id":"https:\/\/incityhospitalitycollection.it\/de\/salerno-und-umgebung\/#breadcrumb","itemListElement":[{"@type":"ListItem","position":1,"name":"Home","item":"https:\/\/incityhospitalitycollection.it\/de\/"},{"@type":"ListItem","position":2,"name":"Salerno und Umgebung"}]},{"@type":"WebSite","@id":"https:\/\/incityhospitalitycollection.it\/de\/#website","url":"https:\/\/incityhospitalitycollection.it\/de\/","name":"In City Hospitality Collection","description":"","publisher":{"@id":"https:\/\/incityhospitalitycollection.it\/de\/#organization"},"potentialAction":[{"@type":"SearchAction","target":{"@type":"EntryPoint","urlTemplate":"https:\/\/incityhospitalitycollection.it\/de\/?s={search_term_string}"},"query-input":{"@type":"PropertyValueSpecification","valueRequired":true,"valueName":"search_term_string"}}],"inLanguage":"de"},{"@type":"Organization","@id":"https:\/\/incityhospitalitycollection.it\/de\/#organization","name":"In City Hospitality Collection","url":"https:\/\/incityhospitalitycollection.it\/de\/","logo":{"@type":"ImageObject","inLanguage":"de","@id":"https:\/\/incityhospitalitycollection.it\/de\/#\/schema\/logo\/image\/","url":"https:\/\/incityhospitalitycollection.it\/wp-content\/uploads\/2026\/06\/logoincity.png","contentUrl":"https:\/\/incityhospitalitycollection.it\/wp-content\/uploads\/2026\/06\/logoincity.png","width":600,"height":194,"caption":"In City Hospitality Collection"},"image":{"@id":"https:\/\/incityhospitalitycollection.it\/de\/#\/schema\/logo\/image\/"}}]}},"_links":{"self":[{"href":"https:\/\/incityhospitalitycollection.it\/de\/wp-json\/wp\/v2\/pages\/2827","targetHints":{"allow":["GET"]}}],"collection":[{"href":"https:\/\/incityhospitalitycollection.it\/de\/wp-json\/wp\/v2\/pages"}],"about":[{"href":"https:\/\/incityhospitalitycollection.it\/de\/wp-json\/wp\/v2\/types\/page"}],"author":[{"embeddable":true,"href":"https:\/\/incityhospitalitycollection.it\/de\/wp-json\/wp\/v2\/users\/1"}],"replies":[{"embeddable":true,"href":"https:\/\/incityhospitalitycollection.it\/de\/wp-json\/wp\/v2\/comments?post=2827"}],"version-history":[{"count":2,"href":"https:\/\/incityhospitalitycollection.it\/de\/wp-json\/wp\/v2\/pages\/2827\/revisions"}],"predecessor-version":[{"id":2847,"href":"https:\/\/incityhospitalitycollection.it\/de\/wp-json\/wp\/v2\/pages\/2827\/revisions\/2847"}],"wp:featuredmedia":[{"embeddable":true,"href":"https:\/\/incityhospitalitycollection.it\/de\/wp-json\/wp\/v2\/media\/2830"}],"wp:attachment":[{"href":"https:\/\/incityhospitalitycollection.it\/de\/wp-json\/wp\/v2\/media?parent=2827"}],"curies":[{"name":"wp","href":"https:\/\/api.w.org\/{rel}","templated":true}]}}